{"id":80,"date":"2010-12-12T22:41:16","date_gmt":"2010-12-12T21:41:16","guid":{"rendered":"http:\/\/www.aperuzza.com\/ita\/?page_id=80"},"modified":"2025-02-28T21:50:49","modified_gmt":"2025-02-28T20:50:49","slug":"locali","status":"publish","type":"page","link":"https:\/\/www.aperuzza.com\/ita\/chi-siamo\/glocal\/locali\/","title":{"rendered":"Locali"},"content":{"rendered":"<p><!-- \t\t@page { margin: 2cm } \t\tP { margin-bottom: 0.21cm } --><span style=\"font-family: Comic Sans MS,cursive;\">E siamo <strong>loCAli<\/strong> perch\u00e8 ci sentiamo profondamente intrisi della cultura di uno dei pi\u00f9 bei Paesi del mondo, l&#8217;Italia. <\/span><\/p>\n<p style=\"text-align: justify;\"><span style=\"font-family: Comic Sans MS,cursive;\">In particolare l&#8217;azienda \u00e8 nata e si \u00e8 sviluppata grazie all&#8217;impegno, all&#8217;inventiva, alla laboriosit\u00e0, all&#8217;attaccamento al lavoro della gente del Nord Est, una delle zone pi\u00f9 dinamiche ed economicamente sviluppate.<\/span><\/p>\n<p style=\"text-align: justify;\"><span style=\"font-family: Comic Sans MS,cursive;\"><br \/>\n<\/span><\/p>\n<p style=\"text-align: center;\"><strong><span style=\"font-family: Comic Sans MS,cursive;\">Ma anche una delle zone pi\u00f9 belle. <\/span><\/strong><\/p>\n<p><span style=\"font-family: Comic Sans MS,cursive;\"><br \/>\n<\/span><\/p>\n<p style=\"text-align: center;\"><span style=\"font-family: Comic Sans MS,cursive;\">Non ci credete? Tutte le foto della galleria sono state scattate al massimo a due ore di auto dalla nostra sede:<\/span><\/p>\n<p>&nbsp;<\/p>\n<p><span style=\"font-family: Comic Sans MS,cursive;\"><br \/>\n<\/span><\/p>\n<p><span style=\"font-family: Comic Sans MS,cursive;\"><a href=\"http:\/\/www.aperuzza.com\/ita\/wp-content\/uploads\/2010\/12\/Conegliano-2005-02-28-Nevicata.jpg\" data-lbwps-width=\"5184\" data-lbwps-height=\"1554\" data-lbwps-srcsmall=\"https:\/\/www.aperuzza.com\/ita\/wp-content\/uploads\/2010\/12\/Conegliano-2005-02-28-Nevicata-300x89.jpg\"><img decoding=\"async\" class=\"aligncenter  wp-image-641\" title=\"Conegliano 2005 02 28 Nevicata\" src=\"http:\/\/www.aperuzza.com\/ita\/wp-content\/uploads\/2010\/12\/Conegliano-2005-02-28-Nevicata-300x89.jpg\" alt=\"\" width=\"300\" height=\"89\" srcset=\"https:\/\/www.aperuzza.com\/ita\/wp-content\/uploads\/2010\/12\/Conegliano-2005-02-28-Nevicata-300x89.jpg 300w, https:\/\/www.aperuzza.com\/ita\/wp-content\/uploads\/2010\/12\/Conegliano-2005-02-28-Nevicata-1024x306.jpg 1024w\" sizes=\"(max-width: 300px) 100vw, 300px\" \/><\/a><\/span><\/p>\n<p>&nbsp;<\/p>\n<p><a href=\"http:\/\/www.aperuzza.com\/ita\/wp-content\/uploads\/2010\/12\/Trieste-2011-10-01-Piazza-Unit\u00e0.jpg\" data-lbwps-width=\"2272\" data-lbwps-height=\"1704\" data-lbwps-srcsmall=\"https:\/\/www.aperuzza.com\/ita\/wp-content\/uploads\/2010\/12\/Trieste-2011-10-01-Piazza-Unit\u00e0-300x224.jpg\"><img fetchpriority=\"high\" decoding=\"async\" class=\"aligncenter size-medium wp-image-1213\" title=\"Trieste 2011-10-01 Piazza Unit\u00e0\" src=\"http:\/\/www.aperuzza.com\/ita\/wp-content\/uploads\/2010\/12\/Trieste-2011-10-01-Piazza-Unit\u00e0-300x224.jpg\" alt=\"\" width=\"300\" height=\"224\" srcset=\"https:\/\/www.aperuzza.com\/ita\/wp-content\/uploads\/2010\/12\/Trieste-2011-10-01-Piazza-Unit\u00e0-300x224.jpg 300w, https:\/\/www.aperuzza.com\/ita\/wp-content\/uploads\/2010\/12\/Trieste-2011-10-01-Piazza-Unit\u00e0-1024x768.jpg 1024w\" sizes=\"(max-width: 300px) 100vw, 300px\" \/><\/a><\/p>\n<p><span style=\"font-family: Comic Sans MS,cursive;\"><br \/>\n<\/span><\/p>\n<p><span style=\"font-family: Comic Sans MS,cursive;\"><a href=\"http:\/\/www.aperuzza.com\/ita\/wp-content\/uploads\/2010\/12\/Valle-Vecchia-2011-08-21-La-Spiaggia-1.jpg\" data-lbwps-width=\"7367\" data-lbwps-height=\"1845\" data-lbwps-srcsmall=\"https:\/\/www.aperuzza.com\/ita\/wp-content\/uploads\/2010\/12\/Valle-Vecchia-2011-08-21-La-Spiaggia-1-300x75.jpg\"><img decoding=\"async\" class=\"aligncenter  wp-image-1210\" title=\"Valle Vecchia 2011-08-21 La Spiaggia 1\" src=\"http:\/\/www.aperuzza.com\/ita\/wp-content\/uploads\/2010\/12\/Valle-Vecchia-2011-08-21-La-Spiaggia-1-300x75.jpg\" alt=\"\" width=\"300\" height=\"75\" srcset=\"https:\/\/www.aperuzza.com\/ita\/wp-content\/uploads\/2010\/12\/Valle-Vecchia-2011-08-21-La-Spiaggia-1-300x75.jpg 300w, https:\/\/www.aperuzza.com\/ita\/wp-content\/uploads\/2010\/12\/Valle-Vecchia-2011-08-21-La-Spiaggia-1-1024x256.jpg 1024w\" sizes=\"(max-width: 300px) 100vw, 300px\" \/><\/a><\/span><\/p>\n<p>&nbsp;<\/p>\n<p><a href=\"http:\/\/www.aperuzza.com\/ita\/wp-content\/uploads\/2010\/12\/Udine-2011-02-18-La-Salita-al-Castello.jpg\" data-lbwps-width=\"3390\" data-lbwps-height=\"1698\" data-lbwps-srcsmall=\"https:\/\/www.aperuzza.com\/ita\/wp-content\/uploads\/2010\/12\/Udine-2011-02-18-La-Salita-al-Castello-300x150.jpg\"><img loading=\"lazy\" decoding=\"async\" class=\"aligncenter size-medium wp-image-1215\" title=\"Udine 2011-02-18 La Salita al Castello\" src=\"http:\/\/www.aperuzza.com\/ita\/wp-content\/uploads\/2010\/12\/Udine-2011-02-18-La-Salita-al-Castello-300x150.jpg\" alt=\"\" width=\"300\" height=\"150\" srcset=\"https:\/\/www.aperuzza.com\/ita\/wp-content\/uploads\/2010\/12\/Udine-2011-02-18-La-Salita-al-Castello-300x150.jpg 300w, https:\/\/www.aperuzza.com\/ita\/wp-content\/uploads\/2010\/12\/Udine-2011-02-18-La-Salita-al-Castello-1024x512.jpg 1024w\" sizes=\"(max-width: 300px) 100vw, 300px\" \/><\/a><\/p>\n<p><a href=\"http:\/\/www.aperuzza.com\/ita\/wp-content\/uploads\/2010\/12\/Ponte-nelle-Alpi-2011-02-23-Il-Piave-1.jpg\" data-lbwps-width=\"1704\" data-lbwps-height=\"2272\" data-lbwps-srcsmall=\"https:\/\/www.aperuzza.com\/ita\/wp-content\/uploads\/2010\/12\/Ponte-nelle-Alpi-2011-02-23-Il-Piave-1-224x300.jpg\"><img loading=\"lazy\" decoding=\"async\" class=\"aligncenter size-medium wp-image-1217\" title=\"Ponte nelle Alpi 2011-02-23 Il Piave 1\" src=\"http:\/\/www.aperuzza.com\/ita\/wp-content\/uploads\/2010\/12\/Ponte-nelle-Alpi-2011-02-23-Il-Piave-1-224x300.jpg\" alt=\"\" width=\"224\" height=\"300\" srcset=\"https:\/\/www.aperuzza.com\/ita\/wp-content\/uploads\/2010\/12\/Ponte-nelle-Alpi-2011-02-23-Il-Piave-1-224x300.jpg 224w, https:\/\/www.aperuzza.com\/ita\/wp-content\/uploads\/2010\/12\/Ponte-nelle-Alpi-2011-02-23-Il-Piave-1-768x1024.jpg 768w, https:\/\/www.aperuzza.com\/ita\/wp-content\/uploads\/2010\/12\/Ponte-nelle-Alpi-2011-02-23-Il-Piave-1.jpg 1704w\" sizes=\"(max-width: 224px) 100vw, 224px\" \/><\/a><\/p>\n<p>&nbsp;<\/p>\n<p><a href=\"http:\/\/www.aperuzza.com\/ita\/wp-content\/uploads\/2010\/12\/Udine-2011-02-18-La-Loggia-del-Lionello-1.jpg\" data-lbwps-width=\"2272\" data-lbwps-height=\"1704\" data-lbwps-srcsmall=\"https:\/\/www.aperuzza.com\/ita\/wp-content\/uploads\/2010\/12\/Udine-2011-02-18-La-Loggia-del-Lionello-1-300x224.jpg\"><img loading=\"lazy\" decoding=\"async\" class=\"aligncenter size-medium wp-image-1228\" title=\"Udine 2011-02-18 La Loggia del Lionello 1\" src=\"http:\/\/www.aperuzza.com\/ita\/wp-content\/uploads\/2010\/12\/Udine-2011-02-18-La-Loggia-del-Lionello-1-300x224.jpg\" alt=\"\" width=\"300\" height=\"224\" srcset=\"https:\/\/www.aperuzza.com\/ita\/wp-content\/uploads\/2010\/12\/Udine-2011-02-18-La-Loggia-del-Lionello-1-300x224.jpg 300w, https:\/\/www.aperuzza.com\/ita\/wp-content\/uploads\/2010\/12\/Udine-2011-02-18-La-Loggia-del-Lionello-1-1024x768.jpg 1024w\" sizes=\"(max-width: 300px) 100vw, 300px\" \/><\/a><\/p>\n<p><a href=\"http:\/\/www.aperuzza.com\/ita\/wp-content\/uploads\/2010\/12\/Udine-2011-02-18-Dal-Castello-1.jpg\" data-lbwps-width=\"4634\" data-lbwps-height=\"1732\" data-lbwps-srcsmall=\"https:\/\/www.aperuzza.com\/ita\/wp-content\/uploads\/2010\/12\/Udine-2011-02-18-Dal-Castello-1-300x112.jpg\"><img loading=\"lazy\" decoding=\"async\" class=\"aligncenter size-medium wp-image-1226\" title=\"Udine 2011-02-18 Dal Castello 1\" src=\"http:\/\/www.aperuzza.com\/ita\/wp-content\/uploads\/2010\/12\/Udine-2011-02-18-Dal-Castello-1-300x112.jpg\" alt=\"\" width=\"300\" height=\"112\" srcset=\"https:\/\/www.aperuzza.com\/ita\/wp-content\/uploads\/2010\/12\/Udine-2011-02-18-Dal-Castello-1-300x112.jpg 300w, https:\/\/www.aperuzza.com\/ita\/wp-content\/uploads\/2010\/12\/Udine-2011-02-18-Dal-Castello-1-1024x382.jpg 1024w\" sizes=\"(max-width: 300px) 100vw, 300px\" \/><\/a><\/p>\n<p><a href=\"http:\/\/www.aperuzza.com\/ita\/wp-content\/uploads\/2010\/12\/Ponte-nelle-Alpi-2011-02-23-Il-Castello.jpg\" data-lbwps-width=\"2272\" data-lbwps-height=\"1704\" data-lbwps-srcsmall=\"https:\/\/www.aperuzza.com\/ita\/wp-content\/uploads\/2010\/12\/Ponte-nelle-Alpi-2011-02-23-Il-Castello-300x224.jpg\"><img loading=\"lazy\" decoding=\"async\" class=\"aligncenter size-medium wp-image-1232\" title=\"Ponte nelle Alpi 2011-02-23 Il Castello\" src=\"http:\/\/www.aperuzza.com\/ita\/wp-content\/uploads\/2010\/12\/Ponte-nelle-Alpi-2011-02-23-Il-Castello-300x224.jpg\" alt=\"\" width=\"300\" height=\"224\" srcset=\"https:\/\/www.aperuzza.com\/ita\/wp-content\/uploads\/2010\/12\/Ponte-nelle-Alpi-2011-02-23-Il-Castello-300x224.jpg 300w, https:\/\/www.aperuzza.com\/ita\/wp-content\/uploads\/2010\/12\/Ponte-nelle-Alpi-2011-02-23-Il-Castello-1024x768.jpg 1024w\" sizes=\"(max-width: 300px) 100vw, 300px\" \/><\/a><\/p>\n<p>&nbsp;<\/p>\n<p><a href=\"http:\/\/www.aperuzza.com\/ita\/wp-content\/uploads\/2010\/12\/Valle-Vecchia-2011-08-21-La-Spiaggia-2.jpg\" data-lbwps-width=\"6338\" data-lbwps-height=\"1721\" data-lbwps-srcsmall=\"https:\/\/www.aperuzza.com\/ita\/wp-content\/uploads\/2010\/12\/Valle-Vecchia-2011-08-21-La-Spiaggia-2-300x81.jpg\"><img loading=\"lazy\" decoding=\"async\" class=\"aligncenter size-medium wp-image-1230\" title=\"Valle Vecchia 2011-08-21 La Spiaggia 2\" src=\"http:\/\/www.aperuzza.com\/ita\/wp-content\/uploads\/2010\/12\/Valle-Vecchia-2011-08-21-La-Spiaggia-2-300x81.jpg\" alt=\"\" width=\"300\" height=\"81\" srcset=\"https:\/\/www.aperuzza.com\/ita\/wp-content\/uploads\/2010\/12\/Valle-Vecchia-2011-08-21-La-Spiaggia-2-300x81.jpg 300w, https:\/\/www.aperuzza.com\/ita\/wp-content\/uploads\/2010\/12\/Valle-Vecchia-2011-08-21-La-Spiaggia-2-1024x278.jpg 1024w\" sizes=\"(max-width: 300px) 100vw, 300px\" \/><\/a><\/p>\n<p><span style=\"font-family: Comic Sans MS,cursive;\"><br \/>\n<\/span><\/p>\n<p><a href=\"http:\/\/www.aperuzza.com\/ita\/wp-content\/uploads\/2010\/12\/Jesolo-2005-08-16-Nuotata-prima-del-buio.jpg\" data-lbwps-width=\"8792\" data-lbwps-height=\"1868\" data-lbwps-srcsmall=\"https:\/\/www.aperuzza.com\/ita\/wp-content\/uploads\/2010\/12\/Jesolo-2005-08-16-Nuotata-prima-del-buio-300x63.jpg\"><img loading=\"lazy\" decoding=\"async\" class=\"aligncenter size-medium wp-image-638\" title=\"Jesolo 2005 08 16 Nuotata prima del buio\" src=\"http:\/\/www.aperuzza.com\/ita\/wp-content\/uploads\/2010\/12\/Jesolo-2005-08-16-Nuotata-prima-del-buio-300x63.jpg\" alt=\"\" width=\"300\" height=\"63\" srcset=\"https:\/\/www.aperuzza.com\/ita\/wp-content\/uploads\/2010\/12\/Jesolo-2005-08-16-Nuotata-prima-del-buio-300x63.jpg 300w, https:\/\/www.aperuzza.com\/ita\/wp-content\/uploads\/2010\/12\/Jesolo-2005-08-16-Nuotata-prima-del-buio-1024x217.jpg 1024w\" sizes=\"(max-width: 300px) 100vw, 300px\" \/><\/a><\/p>\n<p><span style=\"font-family: Comic Sans MS,cursive;\"><a href=\"http:\/\/www.aperuzza.com\/ita\/wp-content\/uploads\/2010\/12\/Gorizia-2008-06-01-Il-cortile-del-castello.jpg\" data-lbwps-width=\"2272\" data-lbwps-height=\"1704\" data-lbwps-srcsmall=\"https:\/\/www.aperuzza.com\/ita\/wp-content\/uploads\/2010\/12\/Gorizia-2008-06-01-Il-cortile-del-castello-300x224.jpg\"><img loading=\"lazy\" decoding=\"async\" class=\"aligncenter size-medium wp-image-646\" title=\"Gorizia 2008 06 01 Il cortile del castello\" src=\"http:\/\/www.aperuzza.com\/ita\/wp-content\/uploads\/2010\/12\/Gorizia-2008-06-01-Il-cortile-del-castello-300x224.jpg\" alt=\"\" width=\"300\" height=\"224\" srcset=\"https:\/\/www.aperuzza.com\/ita\/wp-content\/uploads\/2010\/12\/Gorizia-2008-06-01-Il-cortile-del-castello-300x224.jpg 300w, https:\/\/www.aperuzza.com\/ita\/wp-content\/uploads\/2010\/12\/Gorizia-2008-06-01-Il-cortile-del-castello-1024x768.jpg 1024w\" sizes=\"(max-width: 300px) 100vw, 300px\" \/><\/a><\/span><\/p>\n<p>&nbsp;<\/p>\n<p><span style=\"font-family: Comic Sans MS,cursive;\"><a href=\"http:\/\/www.aperuzza.com\/ita\/wp-content\/uploads\/2010\/12\/Conegliano-2013-01-17-Miramonti-2.jpg\" data-lbwps-width=\"12291\" data-lbwps-height=\"1942\" data-lbwps-srcsmall=\"https:\/\/www.aperuzza.com\/ita\/wp-content\/uploads\/2010\/12\/Conegliano-2013-01-17-Miramonti-2-300x47.jpg\"><img loading=\"lazy\" decoding=\"async\" class=\"aligncenter size-medium wp-image-1221\" title=\"Conegliano 2013-01-17 Miramonti 2\" src=\"http:\/\/www.aperuzza.com\/ita\/wp-content\/uploads\/2010\/12\/Conegliano-2013-01-17-Miramonti-2-300x47.jpg\" alt=\"\" width=\"300\" height=\"47\" srcset=\"https:\/\/www.aperuzza.com\/ita\/wp-content\/uploads\/2010\/12\/Conegliano-2013-01-17-Miramonti-2-300x47.jpg 300w, https:\/\/www.aperuzza.com\/ita\/wp-content\/uploads\/2010\/12\/Conegliano-2013-01-17-Miramonti-2-1024x161.jpg 1024w\" sizes=\"(max-width: 300px) 100vw, 300px\" \/><\/a><\/span><\/p>\n<p>&nbsp;<\/p>\n<p><a href=\"http:\/\/www.aperuzza.com\/ita\/wp-content\/uploads\/2010\/12\/Conegliano-2013-01-17-Miramonti-3.jpg\" data-lbwps-width=\"6333\" data-lbwps-height=\"1903\" data-lbwps-srcsmall=\"https:\/\/www.aperuzza.com\/ita\/wp-content\/uploads\/2010\/12\/Conegliano-2013-01-17-Miramonti-3-300x90.jpg\"><img loading=\"lazy\" decoding=\"async\" class=\"aligncenter size-medium wp-image-1222\" title=\"Conegliano 2013-01-17 Miramonti 3\" src=\"http:\/\/www.aperuzza.com\/ita\/wp-content\/uploads\/2010\/12\/Conegliano-2013-01-17-Miramonti-3-300x90.jpg\" alt=\"\" width=\"300\" height=\"90\" srcset=\"https:\/\/www.aperuzza.com\/ita\/wp-content\/uploads\/2010\/12\/Conegliano-2013-01-17-Miramonti-3-300x90.jpg 300w, https:\/\/www.aperuzza.com\/ita\/wp-content\/uploads\/2010\/12\/Conegliano-2013-01-17-Miramonti-3-1024x307.jpg 1024w\" sizes=\"(max-width: 300px) 100vw, 300px\" \/><\/a><\/p>\n<p><a href=\"http:\/\/www.aperuzza.com\/ita\/wp-content\/uploads\/2010\/12\/Conegliano-2013-01-17-Miramonti-4.jpg\" data-lbwps-width=\"3668\" data-lbwps-height=\"1715\" data-lbwps-srcsmall=\"https:\/\/www.aperuzza.com\/ita\/wp-content\/uploads\/2010\/12\/Conegliano-2013-01-17-Miramonti-4-300x140.jpg\"><img loading=\"lazy\" decoding=\"async\" class=\"aligncenter size-medium wp-image-1224\" title=\"Conegliano 2013-01-17 Miramonti 4\" src=\"http:\/\/www.aperuzza.com\/ita\/wp-content\/uploads\/2010\/12\/Conegliano-2013-01-17-Miramonti-4-300x140.jpg\" alt=\"\" width=\"300\" height=\"140\" srcset=\"https:\/\/www.aperuzza.com\/ita\/wp-content\/uploads\/2010\/12\/Conegliano-2013-01-17-Miramonti-4-300x140.jpg 300w, https:\/\/www.aperuzza.com\/ita\/wp-content\/uploads\/2010\/12\/Conegliano-2013-01-17-Miramonti-4-1024x478.jpg 1024w\" sizes=\"(max-width: 300px) 100vw, 300px\" \/><\/a><\/p>\n<p><span style=\"font-family: Comic Sans MS,cursive;\"><a href=\"http:\/\/www.aperuzza.com\/ita\/wp-content\/uploads\/2010\/12\/Udine-2011-02-18-La-Loggia-di-San-Giovanni.jpg\" data-lbwps-width=\"2272\" data-lbwps-height=\"1704\" data-lbwps-srcsmall=\"https:\/\/www.aperuzza.com\/ita\/wp-content\/uploads\/2010\/12\/Udine-2011-02-18-La-Loggia-di-San-Giovanni-300x224.jpg\"><img loading=\"lazy\" decoding=\"async\" class=\"aligncenter size-medium wp-image-1234\" title=\"Udine 2011-02-18 La Loggia di San Giovanni\" src=\"http:\/\/www.aperuzza.com\/ita\/wp-content\/uploads\/2010\/12\/Udine-2011-02-18-La-Loggia-di-San-Giovanni-300x224.jpg\" alt=\"\" width=\"300\" height=\"224\" srcset=\"https:\/\/www.aperuzza.com\/ita\/wp-content\/uploads\/2010\/12\/Udine-2011-02-18-La-Loggia-di-San-Giovanni-300x224.jpg 300w, https:\/\/www.aperuzza.com\/ita\/wp-content\/uploads\/2010\/12\/Udine-2011-02-18-La-Loggia-di-San-Giovanni-1024x768.jpg 1024w\" sizes=\"(max-width: 300px) 100vw, 300px\" \/><\/a><br \/>\n<\/span><\/p>\n<p><a href=\"http:\/\/www.aperuzza.com\/ita\/wp-content\/uploads\/2010\/12\/Valle-Vecchia-2011-08-21-La-Laguna-1.jpg\" data-lbwps-width=\"7553\" data-lbwps-height=\"1704\" data-lbwps-srcsmall=\"https:\/\/www.aperuzza.com\/ita\/wp-content\/uploads\/2010\/12\/Valle-Vecchia-2011-08-21-La-Laguna-1-300x67.jpg\"><img loading=\"lazy\" decoding=\"async\" class=\"aligncenter size-medium wp-image-1219\" title=\"Valle Vecchia 2011-08-21 La Laguna 1\" src=\"http:\/\/www.aperuzza.com\/ita\/wp-content\/uploads\/2010\/12\/Valle-Vecchia-2011-08-21-La-Laguna-1-300x67.jpg\" alt=\"\" width=\"300\" height=\"67\" srcset=\"https:\/\/www.aperuzza.com\/ita\/wp-content\/uploads\/2010\/12\/Valle-Vecchia-2011-08-21-La-Laguna-1-300x67.jpg 300w, https:\/\/www.aperuzza.com\/ita\/wp-content\/uploads\/2010\/12\/Valle-Vecchia-2011-08-21-La-Laguna-1-1024x231.jpg 1024w\" sizes=\"(max-width: 300px) 100vw, 300px\" \/><\/a><\/p>\n<p><span style=\"font-family: Comic Sans MS,cursive;\"><a href=\"http:\/\/www.aperuzza.com\/ita\/wp-content\/uploads\/2010\/12\/Valle-Vecchia-2011-034-La-Laguna-2.jpg\" data-lbwps-width=\"5390\" data-lbwps-height=\"1755\" data-lbwps-srcsmall=\"https:\/\/www.aperuzza.com\/ita\/wp-content\/uploads\/2010\/12\/Valle-Vecchia-2011-034-La-Laguna-2-300x97.jpg\"><img loading=\"lazy\" decoding=\"async\" class=\"aligncenter size-medium wp-image-1236\" title=\"Valle Vecchia 2011 034 La Laguna 2\" src=\"http:\/\/www.aperuzza.com\/ita\/wp-content\/uploads\/2010\/12\/Valle-Vecchia-2011-034-La-Laguna-2-300x97.jpg\" alt=\"\" width=\"300\" height=\"97\" srcset=\"https:\/\/www.aperuzza.com\/ita\/wp-content\/uploads\/2010\/12\/Valle-Vecchia-2011-034-La-Laguna-2-300x97.jpg 300w, https:\/\/www.aperuzza.com\/ita\/wp-content\/uploads\/2010\/12\/Valle-Vecchia-2011-034-La-Laguna-2-1024x333.jpg 1024w\" sizes=\"(max-width: 300px) 100vw, 300px\" \/><\/a><\/span><\/p>\n<p><a href=\"http:\/\/www.aperuzza.com\/ita\/wp-content\/uploads\/2010\/12\/Ponte-nelle-Alpi-2011-02-23-Il-Piave-2.jpg\" data-lbwps-width=\"1704\" data-lbwps-height=\"2272\" data-lbwps-srcsmall=\"https:\/\/www.aperuzza.com\/ita\/wp-content\/uploads\/2010\/12\/Ponte-nelle-Alpi-2011-02-23-Il-Piave-2-224x300.jpg\"><img loading=\"lazy\" decoding=\"async\" class=\"aligncenter size-medium wp-image-1238\" title=\"Ponte nelle Alpi 2011-02-23 Il Piave 2\" src=\"http:\/\/www.aperuzza.com\/ita\/wp-content\/uploads\/2010\/12\/Ponte-nelle-Alpi-2011-02-23-Il-Piave-2-224x300.jpg\" alt=\"\" width=\"224\" height=\"300\" srcset=\"https:\/\/www.aperuzza.com\/ita\/wp-content\/uploads\/2010\/12\/Ponte-nelle-Alpi-2011-02-23-Il-Piave-2-224x300.jpg 224w, https:\/\/www.aperuzza.com\/ita\/wp-content\/uploads\/2010\/12\/Ponte-nelle-Alpi-2011-02-23-Il-Piave-2-768x1024.jpg 768w, https:\/\/www.aperuzza.com\/ita\/wp-content\/uploads\/2010\/12\/Ponte-nelle-Alpi-2011-02-23-Il-Piave-2.jpg 1704w\" sizes=\"(max-width: 224px) 100vw, 224px\" \/><\/a><\/p>\n<p><span style=\"font-family: Comic Sans MS,cursive;\"><br \/>\n<\/span><\/p>\n<p><span style=\"font-family: Comic Sans MS,cursive;\"><a href=\"http:\/\/www.aperuzza.com\/ita\/wp-content\/uploads\/2010\/12\/Conegliano-2005-02-22-Nevicata.jpg\" data-lbwps-width=\"7132\" data-lbwps-height=\"1273\" data-lbwps-srcsmall=\"https:\/\/www.aperuzza.com\/ita\/wp-content\/uploads\/2010\/12\/Conegliano-2005-02-22-Nevicata-300x53.jpg\"><img loading=\"lazy\" decoding=\"async\" class=\"aligncenter size-medium wp-image-648\" title=\"Conegliano 2005 02 22 Nevicata\" src=\"http:\/\/www.aperuzza.com\/ita\/wp-content\/uploads\/2010\/12\/Conegliano-2005-02-22-Nevicata-300x53.jpg\" alt=\"\" width=\"300\" height=\"53\" srcset=\"https:\/\/www.aperuzza.com\/ita\/wp-content\/uploads\/2010\/12\/Conegliano-2005-02-22-Nevicata-300x53.jpg 300w, https:\/\/www.aperuzza.com\/ita\/wp-content\/uploads\/2010\/12\/Conegliano-2005-02-22-Nevicata-1024x182.jpg 1024w\" sizes=\"(max-width: 300px) 100vw, 300px\" \/><\/a><\/span><\/p>\n<p>&nbsp;<\/p>\n<p><a href=\"http:\/\/www.aperuzza.com\/ita\/wp-content\/uploads\/2010\/12\/Udine-2011-02-18-La-Loggia-del-Lionello-2.jpg\" data-lbwps-width=\"2272\" data-lbwps-height=\"1704\" data-lbwps-srcsmall=\"https:\/\/www.aperuzza.com\/ita\/wp-content\/uploads\/2010\/12\/Udine-2011-02-18-La-Loggia-del-Lionello-2-300x224.jpg\"><img loading=\"lazy\" decoding=\"async\" class=\"aligncenter size-medium wp-image-1240\" title=\"Udine 2011-02-18 La Loggia del Lionello 2\" src=\"http:\/\/www.aperuzza.com\/ita\/wp-content\/uploads\/2010\/12\/Udine-2011-02-18-La-Loggia-del-Lionello-2-300x224.jpg\" alt=\"\" width=\"300\" height=\"224\" srcset=\"https:\/\/www.aperuzza.com\/ita\/wp-content\/uploads\/2010\/12\/Udine-2011-02-18-La-Loggia-del-Lionello-2-300x224.jpg 300w, https:\/\/www.aperuzza.com\/ita\/wp-content\/uploads\/2010\/12\/Udine-2011-02-18-La-Loggia-del-Lionello-2-1024x768.jpg 1024w\" sizes=\"(max-width: 300px) 100vw, 300px\" \/><\/a><\/p>\n<p><span style=\"font-family: Comic Sans MS,cursive;\"><br \/>\n<\/span><\/p>\n","protected":false},"excerpt":{"rendered":"<p>E siamo loCAli perch\u00e8 ci sentiamo profondamente intrisi della cultura di uno dei pi\u00f9 bei Paesi del mondo, l&#8217;Italia. In particolare l&#8217;azienda \u00e8 nata e si \u00e8 sviluppata grazie all&#8217;impegno, all&#8217;inventiva, alla laboriosit\u00e0, all&#8217;attaccamento al lavoro della gente del Nord Est, una delle zone pi\u00f9 dinamiche ed economicamente sviluppate. Ma anche una delle zone pi\u00f9 [&hellip;]<\/p>\n","protected":false},"author":2,"featured_media":0,"parent":76,"menu_order":0,"comment_status":"closed","ping_status":"closed","template":"","meta":{"ngg_post_thumbnail":0,"footnotes":""},"class_list":["post-80","page","type-page","status-publish","hentry","page_tags-adriatico","page_tags-alpi","page_tags-locali","page_tags-marco-polo","page_tags-mediterraneo","page_tags-nord-est","page_tags-rotte-commerciali","page_tags-venezia","page_tags-via-della-seta","page_tags-vie-di-comunicazione"],"_links":{"self":[{"href":"https:\/\/www.aperuzza.com\/ita\/wp-json\/wp\/v2\/pages\/80","targetHints":{"allow":["GET"]}}],"collection":[{"href":"https:\/\/www.aperuzza.com\/ita\/wp-json\/wp\/v2\/pages"}],"about":[{"href":"https:\/\/www.aperuzza.com\/ita\/wp-json\/wp\/v2\/types\/page"}],"author":[{"embeddable":true,"href":"https:\/\/www.aperuzza.com\/ita\/wp-json\/wp\/v2\/users\/2"}],"replies":[{"embeddable":true,"href":"https:\/\/www.aperuzza.com\/ita\/wp-json\/wp\/v2\/comments?post=80"}],"version-history":[{"count":3,"href":"https:\/\/www.aperuzza.com\/ita\/wp-json\/wp\/v2\/pages\/80\/revisions"}],"predecessor-version":[{"id":266,"href":"https:\/\/www.aperuzza.com\/ita\/wp-json\/wp\/v2\/pages\/80\/revisions\/266"}],"up":[{"embeddable":true,"href":"https:\/\/www.aperuzza.com\/ita\/wp-json\/wp\/v2\/pages\/76"}],"wp:attachment":[{"href":"https:\/\/www.aperuzza.com\/ita\/wp-json\/wp\/v2\/media?parent=80"}],"curies":[{"name":"wp","href":"https:\/\/api.w.org\/{rel}","templated":true}]}}